{"id":1145,"date":"2026-05-19T09:32:06","date_gmt":"2026-05-19T09:32:06","guid":{"rendered":"https:\/\/magrid.education\/?page_id=1145"},"modified":"2026-07-13T14:46:25","modified_gmt":"2026-07-13T14:46:25","slug":"nuestro-viaje","status":"publish","type":"page","link":"https:\/\/magrid.education\/es\/our-journey\/","title":{"rendered":"Nuestra trayectoria"},"content":{"rendered":"<div data-elementor-type=\"wp-page\" data-elementor-id=\"1145\" class=\"elementor elementor-1145\" data-elementor-post-type=\"page\">\n\t\t\t\t\t\t<section class=\"elementor-section elementor-top-section elementor-element elementor-element-cfb0b5c elementor-section-boxed elementor-section-height-default elementor-section-height-default\" data-id=\"cfb0b5c\" data-element_type=\"section\" data-e-type=\"section\">\n\t\t\t\t\t\t<div class=\"elementor-container elementor-column-gap-default\">\n\t\t\t\t\t<div class=\"elementor-column elementor-col-100 elementor-top-column elementor-element elementor-element-fd3d6e5\" data-id=\"fd3d6e5\" data-element_type=\"column\" data-e-type=\"column\">\n\t\t\t<div class=\"elementor-widget-wrap elementor-element-populated\">\n\t\t\t\t\t\t<section class=\"elementor-section elementor-inner-section elementor-element elementor-element-e1e9a9d elementor-section-full_width elementor-section-content-middle animated-fast elementor-section-height-default elementor-section-height-default elementor-invisible\" data-id=\"e1e9a9d\" data-element_type=\"section\" data-e-type=\"section\" data-settings=\"{&quot;animation&quot;:&quot;fadeInUp&quot;}\">\n\t\t\t\t\t\t<div class=\"elementor-container elementor-column-gap-default\">\n\t\t\t\t\t<div class=\"elementor-column elementor-col-50 elementor-inner-column elementor-element elementor-element-7a8f574\" data-id=\"7a8f574\" data-element_type=\"column\" data-e-type=\"column\">\n\t\t\t<div class=\"elementor-widget-wrap elementor-element-populated\">\n\t\t\t\t\t\t<div class=\"elementor-element elementor-element-217fc2f elementor-widget elementor-widget-heading\" data-id=\"217fc2f\" data-element_type=\"widget\" data-e-type=\"widget\" data-widget_type=\"heading.default\">\n\t\t\t\t\t<h1 class=\"elementor-heading-title elementor-size-default\">Nuestra trayectoria<\/h1>\t\t\t\t<\/div>\n\t\t\t\t<div class=\"elementor-element elementor-element-a8cf820 elementor-widget elementor-widget-text-editor\" data-id=\"a8cf820\" data-element_type=\"widget\" data-e-type=\"widget\" data-widget_type=\"text-editor.default\">\n\t\t\t\t\t\t\t\t\t<p>\u201cUna educaci\u00f3n equitativa, accesible e inclusiva para todos los ni\u00f1os del mundo\u201d.\u201d<\/p>\t\t\t\t\t\t\t\t<\/div>\n\t\t\t\t<div class=\"elementor-element elementor-element-e2b2a74 elementor-widget__width-auto elementor-widget elementor-widget-button\" data-id=\"e2b2a74\" data-element_type=\"widget\" data-e-type=\"widget\" data-widget_type=\"button.default\">\n\t\t\t\t\t\t\t\t\t\t<a class=\"elementor-button elementor-button-link elementor-size-sm\" href=\"https:\/\/panel.magrid.education\/V2\/Account\/SelectUserType\" target=\"_blank\">\n\t\t\t\t\t\t<span class=\"elementor-button-content-wrapper\">\n\t\t\t\t\t\t\t\t\t<span class=\"elementor-button-text\">Empieza tu prueba gratuita<\/span>\n\t\t\t\t\t<\/span>\n\t\t\t\t\t<\/a>\n\t\t\t\t\t\t\t\t<\/div>\n\t\t\t\t\t<\/div>\n\t\t<\/div>\n\t\t\t\t<div class=\"elementor-column elementor-col-50 elementor-inner-column elementor-element elementor-element-4b2ffc5\" data-id=\"4b2ffc5\" data-element_type=\"column\" data-e-type=\"column\">\n\t\t\t<div class=\"elementor-widget-wrap elementor-element-populated\">\n\t\t\t\t\t\t<div class=\"elementor-element elementor-element-4761005 elementor-widget elementor-widget-image\" data-id=\"4761005\" data-element_type=\"widget\" data-e-type=\"widget\" data-widget_type=\"image.default\">\n\t\t\t\t\t\t\t\t\t\t\t\t\t\t\t<img fetchpriority=\"high\" decoding=\"async\" width=\"1280\" height=\"960\" src=\"https:\/\/i0.wp.com\/magrid.education\/wp-content\/uploads\/2026\/07\/magrid-children-learning-tablet-classroom.webp?fit=1280%2C960&amp;ssl=1\" class=\"attachment-full size-full wp-image-3802\" alt=\"Ni\u00f1os utilizando Magrid en el aula\" srcset=\"https:\/\/i0.wp.com\/magrid.education\/wp-content\/uploads\/2026\/07\/magrid-children-learning-tablet-classroom.webp?w=1280&amp;ssl=1 1280w, https:\/\/i0.wp.com\/magrid.education\/wp-content\/uploads\/2026\/07\/magrid-children-learning-tablet-classroom.webp?resize=300%2C225&amp;ssl=1 300w, https:\/\/i0.wp.com\/magrid.education\/wp-content\/uploads\/2026\/07\/magrid-children-learning-tablet-classroom.webp?resize=1024%2C768&amp;ssl=1 1024w, https:\/\/i0.wp.com\/magrid.education\/wp-content\/uploads\/2026\/07\/magrid-children-learning-tablet-classroom.webp?resize=768%2C576&amp;ssl=1 768w, https:\/\/i0.wp.com\/magrid.education\/wp-content\/uploads\/2026\/07\/magrid-children-learning-tablet-classroom.webp?resize=16%2C12&amp;ssl=1 16w\" sizes=\"(max-width: 800px) 100vw, 800px\" \/>\t\t\t\t\t\t\t\t\t\t\t\t\t\t\t<\/div>\n\t\t\t\t\t<\/div>\n\t\t<\/div>\n\t\t\t\t\t<\/div>\n\t\t<\/section>\n\t\t\t\t\t<\/div>\n\t\t<\/div>\n\t\t\t\t\t<\/div>\n\t\t<\/section>\n\t\t\t\t<section class=\"elementor-section elementor-top-section elementor-element elementor-element-a6fd09b elementor-section-boxed elementor-section-height-default elementor-section-height-default\" data-id=\"a6fd09b\" data-element_type=\"section\" data-e-type=\"section\">\n\t\t\t\t\t\t<div class=\"elementor-container elementor-column-gap-default\">\n\t\t\t\t\t<div class=\"elementor-column elementor-col-100 elementor-top-column elementor-element elementor-element-ab531ad\" data-id=\"ab531ad\" data-element_type=\"column\" data-e-type=\"column\">\n\t\t\t<div class=\"elementor-widget-wrap elementor-element-populated\">\n\t\t\t\t\t\t<section class=\"elementor-section elementor-inner-section elementor-element elementor-element-9c79511 elementor-section-full_width elementor-section-height-default elementor-section-height-default\" data-id=\"9c79511\" data-element_type=\"section\" data-e-type=\"section\">\n\t\t\t\t\t\t<div class=\"elementor-container elementor-column-gap-default\">\n\t\t\t\t\t<div class=\"elementor-column elementor-col-100 elementor-inner-column elementor-element elementor-element-485accc\" data-id=\"485accc\" data-element_type=\"column\" data-e-type=\"column\">\n\t\t\t<div class=\"elementor-widget-wrap elementor-element-populated\">\n\t\t\t\t\t\t<div class=\"elementor-element elementor-element-3da7beb elementor-widget elementor-widget-heading\" data-id=\"3da7beb\" data-element_type=\"widget\" data-e-type=\"widget\" data-widget_type=\"heading.default\">\n\t\t\t\t\t<h2 class=\"elementor-heading-title elementor-size-default\">De la investigaci\u00f3n al impacto global<\/h2>\t\t\t\t<\/div>\n\t\t\t\t<div class=\"elementor-element elementor-element-f3204a0 ulpad elementor-widget elementor-widget-text-editor\" data-id=\"f3204a0\" data-element_type=\"widget\" data-e-type=\"widget\" data-widget_type=\"text-editor.default\">\n\t\t\t\t\t\t\t\t\t<p>Magrid se puso en marcha en 2014 como una iniciativa de investigaci\u00f3n en Luxemburgo, desarrollada en la Universidad de Luxemburgo en colaboraci\u00f3n con el Ministerio de Educaci\u00f3n de Luxemburgo y el Fondo Nacional de Investigaci\u00f3n de Luxemburgo.<\/p><p>Desde el principio, el objetivo estaba claro: crear una soluci\u00f3n educativa que hiciera accesibles las matem\u00e1ticas para los m\u00e1s peque\u00f1os a todos los ni\u00f1os, independientemente de su idioma, origen o perfil de aprendizaje.<\/p><p>Los primeros a\u00f1os se centraron en la investigaci\u00f3n, el desarrollo, las pruebas y la validaci\u00f3n. Un equipo multidisciplinar de expertos en educaci\u00f3n, psicolog\u00eda y neurociencia trabaj\u00f3 conjuntamente para dise\u00f1ar un enfoque de aprendizaje estructurado y sin lenguaje. A trav\u00e9s de una exhaustiva labor de investigaci\u00f3n, desarrollo y pruebas en aulas reales, el programa se perfeccion\u00f3 y valid\u00f3 para garantizar tanto el rigor cient\u00edfico como la eficacia pr\u00e1ctica.<\/p>\t\t\t\t\t\t\t\t<\/div>\n\t\t\t\t\t<\/div>\n\t\t<\/div>\n\t\t\t\t\t<\/div>\n\t\t<\/section>\n\t\t\t\t<section class=\"elementor-section elementor-inner-section elementor-element elementor-element-f434138 elementor-section-full_width elementor-section-height-default elementor-section-height-default\" data-id=\"f434138\" data-element_type=\"section\" data-e-type=\"section\">\n\t\t\t\t\t\t<div class=\"elementor-container elementor-column-gap-default\">\n\t\t\t\t\t<div class=\"elementor-column elementor-col-100 elementor-inner-column elementor-element elementor-element-f68ddd6\" data-id=\"f68ddd6\" data-element_type=\"column\" data-e-type=\"column\">\n\t\t\t<div class=\"elementor-widget-wrap elementor-element-populated\">\n\t\t\t\t\t\t<div class=\"elementor-element elementor-element-a13986b elementor-widget elementor-widget-heading\" data-id=\"a13986b\" data-element_type=\"widget\" data-e-type=\"widget\" data-widget_type=\"heading.default\">\n\t\t\t\t\t<h2 class=\"elementor-heading-title elementor-size-default\">Un problema que merece la pena resolver<\/h2>\t\t\t\t<\/div>\n\t\t\t\t<div class=\"elementor-element elementor-element-c281564 ulpad elementor-widget elementor-widget-text-editor\" data-id=\"c281564\" data-element_type=\"widget\" data-e-type=\"widget\" data-widget_type=\"text-editor.default\">\n\t\t\t\t\t\t\t\t\t<p>Detr\u00e1s de esta investigaci\u00f3n se escond\u00eda una pregunta sencilla, pero contundente:<\/p><p>\u00bfC\u00f3mo se puede lograr que la educaci\u00f3n sea realmente accesible para todos los ni\u00f1os?<\/p><p>Para la fundadora de Magrid, la Dra. Tahereh Pazouki, esta cuesti\u00f3n ten\u00eda un car\u00e1cter profundamente personal.<\/p><p>De ni\u00f1a, ayud\u00f3 a su hermano menor a superar las dificultades de aprendizaje provocadas por largos periodos sin asistir al colegio. Ver c\u00f3mo se esforzaba \u2014y luego lo consegu\u00eda\u2014 le hizo comprender lo importante que puede ser contar con el apoyo educativo adecuado.<\/p><p>Esa experiencia temprana sent\u00f3 las bases de su trayectoria acad\u00e9mica y profesional, lo que la llev\u00f3 a cursar estudios de inform\u00e1tica y psicolog\u00eda y, finalmente, a obtener un doctorado centrado en el aprendizaje y el desarrollo de los ni\u00f1os. .<\/p>\t\t\t\t\t\t\t\t<\/div>\n\t\t\t\t\t<\/div>\n\t\t<\/div>\n\t\t\t\t\t<\/div>\n\t\t<\/section>\n\t\t\t\t<section class=\"elementor-section elementor-inner-section elementor-element elementor-element-bd6e7fd elementor-section-full_width elementor-section-height-default elementor-section-height-default\" data-id=\"bd6e7fd\" data-element_type=\"section\" data-e-type=\"section\">\n\t\t\t\t\t\t<div class=\"elementor-container elementor-column-gap-default\">\n\t\t\t\t\t<div class=\"elementor-column elementor-col-100 elementor-inner-column elementor-element elementor-element-6708a65\" data-id=\"6708a65\" data-element_type=\"column\" data-e-type=\"column\">\n\t\t\t<div class=\"elementor-widget-wrap elementor-element-populated\">\n\t\t\t\t\t\t<div class=\"elementor-element elementor-element-69cb367 elementor-widget elementor-widget-heading\" data-id=\"69cb367\" data-element_type=\"widget\" data-e-type=\"widget\" data-widget_type=\"heading.default\">\n\t\t\t\t\t<h2 class=\"elementor-heading-title elementor-size-default\">De la investigaci\u00f3n a la aplicaci\u00f3n en la vida real<\/h2>\t\t\t\t<\/div>\n\t\t\t\t<div class=\"elementor-element elementor-element-d25bc1a ulpad elementor-widget elementor-widget-text-editor\" data-id=\"d25bc1a\" data-element_type=\"widget\" data-e-type=\"widget\" data-widget_type=\"text-editor.default\">\n\t\t\t\t\t\t\t\t\t<p>Entre 2015 y 2019, Magrid se convirti\u00f3 en un programa de aprendizaje no verbal plenamente desarrollado, dise\u00f1ado para fomentar el desarrollo tanto de las habilidades matem\u00e1ticas como de las cognitivas.<\/p><p>Los estudios realizados en el aula demostraron mejoras constantes en los resultados de aprendizaje de los ni\u00f1os en diversos grupos, incluidos los alumnos multiling\u00fces y aquellos con necesidades educativas especiales.<\/p><p>En 2020, tras una validaci\u00f3n satisfactoria, Magrid recibi\u00f3 la aprobaci\u00f3n oficial del Ministerio de Educaci\u00f3n de Luxemburgo y, en marzo de 2021, se implant\u00f3 en todos los colegios p\u00fablicos del pa\u00eds. Esto supuso una transici\u00f3n clave de proyecto de investigaci\u00f3n a implementaci\u00f3n a nivel de sistema.<\/p>\t\t\t\t\t\t\t\t<\/div>\n\t\t\t\t\t<\/div>\n\t\t<\/div>\n\t\t\t\t\t<\/div>\n\t\t<\/section>\n\t\t\t\t<section class=\"elementor-section elementor-inner-section elementor-element elementor-element-7892b29 elementor-section-full_width elementor-section-height-default elementor-section-height-default\" data-id=\"7892b29\" data-element_type=\"section\" data-e-type=\"section\">\n\t\t\t\t\t\t<div class=\"elementor-container elementor-column-gap-default\">\n\t\t\t\t\t<div class=\"elementor-column elementor-col-100 elementor-inner-column elementor-element elementor-element-102f4cb\" data-id=\"102f4cb\" data-element_type=\"column\" data-e-type=\"column\">\n\t\t\t<div class=\"elementor-widget-wrap elementor-element-populated\">\n\t\t\t\t\t\t<div class=\"elementor-element elementor-element-39f1f43 elementor-widget elementor-widget-heading\" data-id=\"39f1f43\" data-element_type=\"widget\" data-e-type=\"widget\" data-widget_type=\"heading.default\">\n\t\t\t\t\t<h2 class=\"elementor-heading-title elementor-size-default\">Crear una empresa orientada a una misi\u00f3n<\/h2>\t\t\t\t<\/div>\n\t\t\t\t<div class=\"elementor-element elementor-element-249fade ulpad elementor-widget elementor-widget-text-editor\" data-id=\"249fade\" data-element_type=\"widget\" data-e-type=\"widget\" data-widget_type=\"text-editor.default\">\n\t\t\t\t\t\t\t\t\t<p>Tras este hito, Magrid se constituy\u00f3 oficialmente como empresa en Luxemburgo.<\/p><p>La visi\u00f3n se ampli\u00f3 de la investigaci\u00f3n al impacto: hacer que el programa fuera accesible m\u00e1s all\u00e1 de un solo pa\u00eds y apoyar a los ni\u00f1os de todo el mundo.<\/p><p>Con una s\u00f3lida base cient\u00edfica y una misi\u00f3n clara, Magrid comenz\u00f3 a colaborar con colegios, centros de educaci\u00f3n inclusiva e instituciones para ofrecer un aprendizaje estructurado respaldado por formaci\u00f3n, an\u00e1lisis de datos y apoyo continuo.<\/p>\t\t\t\t\t\t\t\t<\/div>\n\t\t\t\t\t<\/div>\n\t\t<\/div>\n\t\t\t\t\t<\/div>\n\t\t<\/section>\n\t\t\t\t<section class=\"elementor-section elementor-inner-section elementor-element elementor-element-35dbcd0 elementor-section-full_width elementor-section-content-middle elementor-section-height-default elementor-section-height-default\" data-id=\"35dbcd0\" data-element_type=\"section\" data-e-type=\"section\">\n\t\t\t\t\t\t<div class=\"elementor-container elementor-column-gap-default\">\n\t\t\t\t\t<div class=\"elementor-column elementor-col-50 elementor-inner-column elementor-element elementor-element-515761d\" data-id=\"515761d\" data-element_type=\"column\" data-e-type=\"column\">\n\t\t\t<div class=\"elementor-widget-wrap elementor-element-populated\">\n\t\t\t\t\t\t<div class=\"elementor-element elementor-element-e0b9363 elementor-widget elementor-widget-heading\" data-id=\"e0b9363\" data-element_type=\"widget\" data-e-type=\"widget\" data-widget_type=\"heading.default\">\n\t\t\t\t\t<h2 class=\"elementor-heading-title elementor-size-default\">Fortalecer la misi\u00f3n a trav\u00e9s de valores compartidos<\/h2>\t\t\t\t<\/div>\n\t\t\t\t<div class=\"elementor-element elementor-element-bf08e01 ulpad elementor-widget elementor-widget-text-editor\" data-id=\"bf08e01\" data-element_type=\"widget\" data-e-type=\"widget\" data-widget_type=\"text-editor.default\">\n\t\t\t\t\t\t\t\t\t<p>A medida que Magrid segu\u00eda creciendo, empez\u00f3 a atraer a personas que comprend\u00edan a la perfecci\u00f3n la importancia de la educaci\u00f3n inclusiva y la igualdad de acceso al aprendizaje.<\/p><p>Uno de los primeros fue <strong>El pr\u00edncipe Luis de Luxemburgo<\/strong>. Tras una presentaci\u00f3n a trav\u00e9s del Foro Econ\u00f3mico Luxemburgo-Portugal, se present\u00f3 Magrid al pr\u00edncipe Luis y, posteriormente, a Su Alteza Real la gran duquesa Mar\u00eda Teresa de Luxemburgo. La visi\u00f3n que subyace a Magrid tuvo una gran acogida de inmediato, sobre todo su enfoque en los alumnos con neurodiversidad.<\/p><p>Gracias a su amplia experiencia y su compromiso con las necesidades educativas especiales, las dificultades de aprendizaje y la dislexia, el pr\u00edncipe Luis reconoci\u00f3 la importancia de crear entornos de aprendizaje que se adapten a todos los ni\u00f1os. Se incorpor\u00f3 inicialmente a Magrid como inversor y, posteriormente, pas\u00f3 a ser asesor y embajador del programa.<\/p><p>En la actualidad, como responsable de Neurodiversidad, su labor sigue reforzando la misi\u00f3n de Magrid, contribuyendo a ampliar las colaboraciones, aumentar la sensibilizaci\u00f3n y garantizar que la inclusi\u00f3n siga siendo un elemento central en el desarrollo del programa.<\/p>\t\t\t\t\t\t\t\t<\/div>\n\t\t\t\t\t<\/div>\n\t\t<\/div>\n\t\t\t\t<div class=\"elementor-column elementor-col-50 elementor-inner-column elementor-element elementor-element-356f985\" data-id=\"356f985\" data-element_type=\"column\" data-e-type=\"column\">\n\t\t\t<div class=\"elementor-widget-wrap elementor-element-populated\">\n\t\t\t\t\t\t<div class=\"elementor-element elementor-element-4cfa65b elementor-widget elementor-widget-image\" data-id=\"4cfa65b\" data-element_type=\"widget\" data-e-type=\"widget\" data-widget_type=\"image.default\">\n\t\t\t\t\t\t\t\t\t\t\t\t\t\t\t<img decoding=\"async\" width=\"2448\" height=\"1870\" src=\"https:\/\/i0.wp.com\/magrid.education\/wp-content\/uploads\/2026\/07\/prince-louis-luxembourg-dubai-autism-center-visit.webp?fit=2448%2C1870&amp;ssl=1\" class=\"attachment-full size-full wp-image-3805\" alt=\"El pr\u00edncipe Luis de Luxemburgo visita el Centro de Autismo de Dub\u00e1i junto con una delegaci\u00f3n de Magrid\" srcset=\"https:\/\/i0.wp.com\/magrid.education\/wp-content\/uploads\/2026\/07\/prince-louis-luxembourg-dubai-autism-center-visit.webp?w=2448&amp;ssl=1 2448w, https:\/\/i0.wp.com\/magrid.education\/wp-content\/uploads\/2026\/07\/prince-louis-luxembourg-dubai-autism-center-visit.webp?resize=300%2C229&amp;ssl=1 300w, https:\/\/i0.wp.com\/magrid.education\/wp-content\/uploads\/2026\/07\/prince-louis-luxembourg-dubai-autism-center-visit.webp?resize=1024%2C782&amp;ssl=1 1024w, https:\/\/i0.wp.com\/magrid.education\/wp-content\/uploads\/2026\/07\/prince-louis-luxembourg-dubai-autism-center-visit.webp?resize=768%2C587&amp;ssl=1 768w, https:\/\/i0.wp.com\/magrid.education\/wp-content\/uploads\/2026\/07\/prince-louis-luxembourg-dubai-autism-center-visit.webp?resize=1536%2C1173&amp;ssl=1 1536w, https:\/\/i0.wp.com\/magrid.education\/wp-content\/uploads\/2026\/07\/prince-louis-luxembourg-dubai-autism-center-visit.webp?resize=2048%2C1564&amp;ssl=1 2048w, https:\/\/i0.wp.com\/magrid.education\/wp-content\/uploads\/2026\/07\/prince-louis-luxembourg-dubai-autism-center-visit.webp?resize=16%2C12&amp;ssl=1 16w, https:\/\/i0.wp.com\/magrid.education\/wp-content\/uploads\/2026\/07\/prince-louis-luxembourg-dubai-autism-center-visit.webp?w=1600&amp;ssl=1 1600w\" sizes=\"(max-width: 800px) 100vw, 800px\" \/>\t\t\t\t\t\t\t\t\t\t\t\t\t\t\t<\/div>\n\t\t\t\t\t<\/div>\n\t\t<\/div>\n\t\t\t\t\t<\/div>\n\t\t<\/section>\n\t\t\t\t<section class=\"elementor-section elementor-inner-section elementor-element elementor-element-e3ae019 elementor-section-full_width elementor-section-height-default elementor-section-height-default\" data-id=\"e3ae019\" data-element_type=\"section\" data-e-type=\"section\">\n\t\t\t\t\t\t<div class=\"elementor-container elementor-column-gap-default\">\n\t\t\t\t\t<div class=\"elementor-column elementor-col-100 elementor-inner-column elementor-element elementor-element-6091b0a\" data-id=\"6091b0a\" data-element_type=\"column\" data-e-type=\"column\">\n\t\t\t<div class=\"elementor-widget-wrap elementor-element-populated\">\n\t\t\t\t\t\t<div class=\"elementor-element elementor-element-0b0deed elementor-widget elementor-widget-heading\" data-id=\"0b0deed\" data-element_type=\"widget\" data-e-type=\"widget\" data-widget_type=\"heading.default\">\n\t\t\t\t\t<h2 class=\"elementor-heading-title elementor-size-default\">Crecer con un prop\u00f3sito<\/h2>\t\t\t\t<\/div>\n\t\t\t\t<div class=\"elementor-element elementor-element-438cdaa ulpad elementor-widget elementor-widget-text-editor\" data-id=\"438cdaa\" data-element_type=\"widget\" data-e-type=\"widget\" data-widget_type=\"text-editor.default\">\n\t\t\t\t\t\t\t\t\t<p>La expansi\u00f3n internacional de Magrid ha sido deliberada y mesurada.<\/p><p>En lugar de crecer r\u00e1pidamente, la atenci\u00f3n se ha centrado en:<\/p><ul><li>mantener la calidad de la ejecuci\u00f3n<\/li><li>adaptarse a diferentes contextos educativos<\/li><li>pruebas y validaci\u00f3n continuas<\/li><li>desarrollo de nuevos contenidos y soporte ling\u00fc\u00edstico<\/li><li>establecer s\u00f3lidas alianzas locales<\/li><\/ul><p>Este enfoque ha permitido a Magrid crecer de forma sostenible, al tiempo que garantiza un impacto significativo en cada nuevo contexto.<\/p><p>En la actualidad, Magrid se utiliza en m\u00e1s de 15 pa\u00edses de Europa, Am\u00e9rica del Norte, Am\u00e9rica Latina, Oriente Medio y Asia, y ayuda a los ni\u00f1os en diversos sistemas y entornos educativos.<\/p>\t\t\t\t\t\t\t\t<\/div>\n\t\t\t\t\t<\/div>\n\t\t<\/div>\n\t\t\t\t\t<\/div>\n\t\t<\/section>\n\t\t\t\t<section class=\"elementor-section elementor-inner-section elementor-element elementor-element-1e27114 elementor-section-full_width elementor-section-height-default elementor-section-height-default\" data-id=\"1e27114\" data-element_type=\"section\" data-e-type=\"section\">\n\t\t\t\t\t\t<div class=\"elementor-container elementor-column-gap-default\">\n\t\t\t\t\t<div class=\"elementor-column elementor-col-50 elementor-inner-column elementor-element elementor-element-f3049fe\" data-id=\"f3049fe\" data-element_type=\"column\" data-e-type=\"column\">\n\t\t\t<div class=\"elementor-widget-wrap elementor-element-populated\">\n\t\t\t\t\t\t<div class=\"elementor-element elementor-element-efeb3e4 elementor-widget elementor-widget-heading\" data-id=\"efeb3e4\" data-element_type=\"widget\" data-e-type=\"widget\" data-widget_type=\"heading.default\">\n\t\t\t\t\t<h2 class=\"elementor-heading-title elementor-size-default\">Un equipo internacional con una misi\u00f3n com\u00fan<\/h2>\t\t\t\t<\/div>\n\t\t\t\t<div class=\"elementor-element elementor-element-c4870fb ulpad elementor-widget elementor-widget-text-editor\" data-id=\"c4870fb\" data-element_type=\"widget\" data-e-type=\"widget\" data-widget_type=\"text-editor.default\">\n\t\t\t\t\t\t\t\t\t<p>En 2026, Magrid se habr\u00e1 convertido en un equipo internacional formado por m\u00e1s de 30 profesionales que trabajan en los \u00e1mbitos de la investigaci\u00f3n, la educaci\u00f3n, la tecnolog\u00eda y la puesta en pr\u00e1ctica.<\/p><p>El programa se lleva a cabo actualmente en colaboraci\u00f3n con gobiernos, colegios, universidades, instituciones y fundaciones de todo el mundo. Magrid fomenta el aprendizaje temprano para todos los alumnos, tanto ni\u00f1os neurot\u00edpicos como con neurodiversidad, en los sistemas educativos locales y nacionales. Se utiliza en una amplia variedad de entornos, desde colegios de prestigio y centros de educaci\u00f3n especializada hasta comunidades rurales y remotas.<\/p><p>La investigaci\u00f3n y el desarrollo continuos siguen siendo fundamentales en el enfoque de Magrid. El programa evoluciona a trav\u00e9s de la investigaci\u00f3n cuantitativa y cualitativa:<\/p><ul><li>sigue llevando a cabo estudios de investigaci\u00f3n y validaci\u00f3n<\/li><li>Grupos de discusi\u00f3n cualitativos con comentarios extra\u00eddos de encuestas a profesores y usuarios<\/li><li>seguimiento y perfeccionamiento anal\u00edticos basados en datos<\/li><\/ul><p>Esto garantiza que Magrid siga siendo una soluci\u00f3n validada cient\u00edficamente y con altos est\u00e1ndares de calidad para satisfacer las necesidades de las aulas y los alumnos reales.<\/p>\t\t\t\t\t\t\t\t<\/div>\n\t\t\t\t\t<\/div>\n\t\t<\/div>\n\t\t\t\t<div class=\"elementor-column elementor-col-50 elementor-inner-column elementor-element elementor-element-287e156\" data-id=\"287e156\" data-element_type=\"column\" data-e-type=\"column\">\n\t\t\t<div class=\"elementor-widget-wrap elementor-element-populated\">\n\t\t\t\t\t\t<div class=\"elementor-element elementor-element-38c4798 elementor-widget elementor-widget-image\" data-id=\"38c4798\" data-element_type=\"widget\" data-e-type=\"widget\" data-widget_type=\"image.default\">\n\t\t\t\t\t\t\t\t\t\t\t\t\t\t\t<img decoding=\"async\" width=\"1315\" height=\"842\" src=\"https:\/\/i0.wp.com\/magrid.education\/wp-content\/uploads\/2026\/06\/magrid-global-presence-world-map-countries-deployment.webp?fit=1315%2C842&amp;ssl=1\" class=\"attachment-full size-full wp-image-2897\" alt=\"Mapa mundial que muestra la implantaci\u00f3n del m\u00e9todo de la Fundaci\u00f3n Cognitiva Magrid en m\u00e1s de 25 pa\u00edses de Europa, Am\u00e9rica, Asia y Oriente Medio\" srcset=\"https:\/\/i0.wp.com\/magrid.education\/wp-content\/uploads\/2026\/06\/magrid-global-presence-world-map-countries-deployment.webp?w=1315&amp;ssl=1 1315w, https:\/\/i0.wp.com\/magrid.education\/wp-content\/uploads\/2026\/06\/magrid-global-presence-world-map-countries-deployment.webp?resize=300%2C192&amp;ssl=1 300w, https:\/\/i0.wp.com\/magrid.education\/wp-content\/uploads\/2026\/06\/magrid-global-presence-world-map-countries-deployment.webp?resize=1024%2C656&amp;ssl=1 1024w, https:\/\/i0.wp.com\/magrid.education\/wp-content\/uploads\/2026\/06\/magrid-global-presence-world-map-countries-deployment.webp?resize=768%2C492&amp;ssl=1 768w, https:\/\/i0.wp.com\/magrid.education\/wp-content\/uploads\/2026\/06\/magrid-global-presence-world-map-countries-deployment.webp?resize=18%2C12&amp;ssl=1 18w\" sizes=\"(max-width: 800px) 100vw, 800px\" \/>\t\t\t\t\t\t\t\t\t\t\t\t\t\t\t<\/div>\n\t\t\t\t\t<\/div>\n\t\t<\/div>\n\t\t\t\t\t<\/div>\n\t\t<\/section>\n\t\t\t\t<section class=\"elementor-section elementor-inner-section elementor-element elementor-element-76f7420 elementor-section-full_width elementor-section-height-default elementor-section-height-default\" data-id=\"76f7420\" data-element_type=\"section\" data-e-type=\"section\">\n\t\t\t\t\t\t<div class=\"elementor-container elementor-column-gap-default\">\n\t\t\t\t\t<div class=\"elementor-column elementor-col-100 elementor-inner-column elementor-element elementor-element-2b430eb\" data-id=\"2b430eb\" data-element_type=\"column\" data-e-type=\"column\">\n\t\t\t<div class=\"elementor-widget-wrap elementor-element-populated\">\n\t\t\t\t\t\t<div class=\"elementor-element elementor-element-c518fda elementor-widget elementor-widget-heading\" data-id=\"c518fda\" data-element_type=\"widget\" data-e-type=\"widget\" data-widget_type=\"heading.default\">\n\t\t\t\t\t<h2 class=\"elementor-heading-title elementor-size-default\">De cara al futuro<\/h2>\t\t\t\t<\/div>\n\t\t\t\t<div class=\"elementor-element elementor-element-435a7b5 ulpad elementor-widget elementor-widget-text-editor\" data-id=\"435a7b5\" data-element_type=\"widget\" data-e-type=\"widget\" data-widget_type=\"text-editor.default\">\n\t\t\t\t\t\t\t\t\t<p>La trayectoria de Magrid refleja la combinaci\u00f3n de investigaci\u00f3n, prop\u00f3sito y aplicaci\u00f3n en el mundo real.<\/p><p>Lo que comenz\u00f3 como una pregunta de investigaci\u00f3n se ha convertido en una soluci\u00f3n de aprendizaje a escala mundial, que ayuda a los ni\u00f1os, a los educadores y a los sistemas educativos a sentar unas bases s\u00f3lidas para el futuro.<\/p><p>En esencia, la misi\u00f3n sigue siendo la misma:<\/p><p>Para hacer <strong>una educaci\u00f3n de alta calidad, accesible, inclusiva y equitativa para todos los ni\u00f1os y ni\u00f1as, en cualquier lugar.<\/strong><\/p>\t\t\t\t\t\t\t\t<\/div>\n\t\t\t\t<div class=\"elementor-element elementor-element-d02faca elementor-widget__width-auto elementor-widget elementor-widget-button\" data-id=\"d02faca\" data-element_type=\"widget\" data-e-type=\"widget\" data-widget_type=\"button.default\">\n\t\t\t\t\t\t\t\t\t\t<a class=\"elementor-button elementor-button-link elementor-size-sm\" href=\"https:\/\/magrid.education\/es\/por-que-magrid\/\">\n\t\t\t\t\t\t<span class=\"elementor-button-content-wrapper\">\n\t\t\t\t\t\t\t\t\t<span class=\"elementor-button-text\">M\u00e1s informaci\u00f3n<\/span>\n\t\t\t\t\t<\/span>\n\t\t\t\t\t<\/a>\n\t\t\t\t\t\t\t\t<\/div>\n\t\t\t\t\t<\/div>\n\t\t<\/div>\n\t\t\t\t\t<\/div>\n\t\t<\/section>\n\t\t\t\t\t<\/div>\n\t\t<\/div>\n\t\t\t\t\t<\/div>\n\t\t<\/section>\n\t\t\t\t<\/div>","protected":false},"excerpt":{"rendered":"<p>Our Journey \u201cEqual, Accessible, and Inclusive Learning for All Children Worldwide.\u201d Start Free Trial From research to global impact Magrid began in 2014 as a research initiative in Luxembourg, developed in the University of Luxembourg in collaboration with the Ministry of Education of Luxembourg and Luxembourg National Research Fund. From the beginning, the goal was [&hellip;]<\/p>\n","protected":false},"author":1,"featured_media":0,"parent":0,"menu_order":0,"comment_status":"closed","ping_status":"closed","template":"","meta":{"inline_featured_image":false,"_wpcom_ai_launchpad_about_page":false,"_wpcom_ai_launchpad_gallery_page":false,"_wpcom_ai_launchpad_contact_page":false,"_wpcom_ai_launchpad_events_page":false,"_wpcom_ai_launchpad_video_page":false,"_wpcom_ai_launchpad_portfolio_piece":false,"footnotes":""},"class_list":["post-1145","page","type-page","status-publish","hentry"],"jetpack_shortlink":"https:\/\/wp.me\/PbG2q8-it","_links":{"self":[{"href":"https:\/\/magrid.education\/es\/wp-json\/wp\/v2\/pages\/1145","targetHints":{"allow":["GET"]}}],"collection":[{"href":"https:\/\/magrid.education\/es\/wp-json\/wp\/v2\/pages"}],"about":[{"href":"https:\/\/magrid.education\/es\/wp-json\/wp\/v2\/types\/page"}],"author":[{"embeddable":true,"href":"https:\/\/magrid.education\/es\/wp-json\/wp\/v2\/users\/1"}],"replies":[{"embeddable":true,"href":"https:\/\/magrid.education\/es\/wp-json\/wp\/v2\/comments?post=1145"}],"version-history":[{"count":5,"href":"https:\/\/magrid.education\/es\/wp-json\/wp\/v2\/pages\/1145\/revisions"}],"predecessor-version":[{"id":3809,"href":"https:\/\/magrid.education\/es\/wp-json\/wp\/v2\/pages\/1145\/revisions\/3809"}],"wp:attachment":[{"href":"https:\/\/magrid.education\/es\/wp-json\/wp\/v2\/media?parent=1145"}],"curies":[{"name":"wp","href":"https:\/\/api.w.org\/{rel}","templated":true}]}}